{"id":391,"date":"2026-01-27T19:01:42","date_gmt":"2026-01-27T18:01:42","guid":{"rendered":"http:\/\/wzaciszu.com\/?page_id=391"},"modified":"2026-02-16T17:22:54","modified_gmt":"2026-02-16T16:22:54","slug":"apartamenty","status":"publish","type":"page","link":"http:\/\/wzaciszu.com\/index.php\/apartamenty\/","title":{"rendered":"Apartamenty"},"content":{"rendered":"\n<hr class=\"wp-block-separator has-alpha-channel-opacity\"\/>\n\n\n\n<p class=\"has-drop-cap has-black-color has-text-color has-link-color wp-elements-57f2ccec742f151badfb56d853b5cb68\">Zapraszam do Nas, do dyspozycji 4 nowe apartamenty, ka\u017cdy dla max 6 os\u00f3b (ok.45m2), ka\u017cdy z nich ma dwie sypialnie. Jedna z \u0142\u00f3\u017ckiem ma\u0142\u017ce\u0144skim, druga z dwoma pojedynczymi \u0142\u00f3\u017ckami z mo\u017cliwo\u015bci\u0105 po\u0142\u0105czenia. W obu sypialniach znajduj\u0105 si\u0119 szafy na ubrania.<br>Dodatkowe spanie dla 2 os\u00f3b jest w salonie na du\u017cej wygodnej rog\u00f3wce.<br>Salon po\u0142\u0105czony z w pe\u0142ni wyposa\u017con\u0105 kuchni\u0105, pocz\u0105wszy od lod\u00f3wki, piekarnika i p\u0142yty, a sko\u0144czywszy na naczyniach i przyborach kuchennych.<br>Ka\u017cdy apartament z \u0142azienk\u0105 i prysznicem, dost\u0119pne suszarki do w\u0142os\u00f3w.<br>Dost\u0119pne \u0142\u00f3\u017ceczko dzieci\u0119ce<br>Przed wej\u015bciem do apartamentu stolik z fotelami. W ca\u0142ym obiekcie dost\u0119pne WiFi.<\/p>\n\n\n\n<figure class=\"wp-block-image size-full\"><img loading=\"lazy\" decoding=\"async\" width=\"800\" height=\"600\" src=\"http:\/\/wzaciszu.com\/wp-content\/uploads\/2026\/01\/20260118_1114259.jpg\" alt=\"\" class=\"wp-image-453\" srcset=\"http:\/\/wzaciszu.com\/wp-content\/uploads\/2026\/01\/20260118_1114259.jpg 800w, http:\/\/wzaciszu.com\/wp-content\/uploads\/2026\/01\/20260118_1114259-300x225.jpg 300w, http:\/\/wzaciszu.com\/wp-content\/uploads\/2026\/01\/20260118_1114259-768x576.jpg 768w, http:\/\/wzaciszu.com\/wp-content\/uploads\/2026\/01\/20260118_1114259-600x450.jpg 600w\" sizes=\"auto, (max-width: 800px) 100vw, 800px\" \/><\/figure>\n\n\n\n<p class=\"has-black-color has-text-color has-link-color wp-elements-b5f116f4f81dd9811a6b90fbdaf8f82b\"><br>Dost\u0119pna bania z hydromasa\u017cem i masa\u017cem wodnym. Miejsce na ognisko i grillowanie.<br>Mo\u017cecie pogra\u0107 w siatk\u00f3wk\u0119, w nog\u0119 lub wykorzysta\u0107 ca\u0142y zielony teren na inne gry i zabawy, dost\u0119pny plac zabaw, trampolina.<\/p>\n\n\n\n<p class=\"has-black-color has-text-color has-link-color wp-elements-d07a1623aac56cd0ade04966d974b904\">Na posesji bezp\u0142atny parking, ca\u0142y teren jest ogrodzony.<br>Mo\u017cliwo\u015b\u0107 w\u0119dkowania i wypo\u017cyczenia \u0142\u00f3dki nad jeziorem Junno za niewielk\u0105 op\u0142at\u0105.<br>Koszt wynajmu apartamentu minimum 2 doby &#8211; 350 z\u0142\/ doba + op\u0142ata za pr\u0105d wed\u0142ug wskaza\u0144 licznika.<\/p>\n\n\n\n<h3 class=\"wp-block-heading has-vivid-green-cyan-background-color has-background\">Wyposa\u017cenie:<\/h3>\n\n\n\n<p class=\"has-black-color has-text-color has-link-color wp-elements-be0d5754a354f88b4ae4c35a6230b69a\"><strong>Salon:<\/strong><\/p>\n\n\n\n<ul class=\"wp-block-list\">\n<li>du\u017ca rozk\u0142adana rog\u00f3wka,<\/li>\n\n\n\n<li>stolik,<\/li>\n\n\n\n<li>fotel uszatek,<\/li>\n\n\n\n<li>lampa stoj\u0105ca,<\/li>\n\n\n\n<li>komoda,<\/li>\n\n\n\n<li>telewizor,<\/li>\n\n\n\n<li>koce,<\/li>\n\n\n\n<li>zas\u0142ony zaciemniaj\u0105ce,<\/li>\n\n\n\n<li>p\u00f3\u0142ka z ksi\u0105\u017ckami i plansz\u00f3wkami,<\/li>\n\n\n\n<li>wieszak \u015bcienny,<\/li>\n\n\n\n<li>panele grzewcze na podczerwie\u0144,<\/li>\n<\/ul>\n\n\n\n<p class=\"has-black-color has-text-color has-link-color wp-elements-8e301669075d1b3f5d124dc59881a3cb\"><strong>Kuchnia:<\/strong><\/p>\n\n\n\n<ul class=\"wp-block-list\">\n<li>okr\u0105g\u0142y st\u00f3\u0142 z krzes\u0142ami , z mo\u017cliwo\u015bci\u0105 roz\u0142o\u017cenia dla 6 os\u00f3b,<\/li>\n\n\n\n<li>szafki z blatem kuchennym,<\/li>\n\n\n\n<li>szafki g\u00f3rne,<\/li>\n\n\n\n<li>zlew,<\/li>\n\n\n\n<li>p\u0142yta grzewcza,<\/li>\n\n\n\n<li>piekarnik,<\/li>\n\n\n\n<li>okap,<\/li>\n\n\n\n<li>lod\u00f3wka,<\/li>\n\n\n\n<li>opiekacz,<\/li>\n\n\n\n<li>szklanki do napoj\u00f3w,<\/li>\n\n\n\n<li>pokale,<\/li>\n\n\n\n<li>kieliszki do wina,<\/li>\n\n\n\n<li>korkoci\u0105g,<\/li>\n\n\n\n<li>dzbanek do wody,<\/li>\n\n\n\n<li>kubki,<\/li>\n\n\n\n<li>talerze,<\/li>\n\n\n\n<li>sztu\u0107ce,<\/li>\n\n\n\n<li>deski i no\u017ce do krojenia,<\/li>\n\n\n\n<li>miseczki,<\/li>\n\n\n\n<li>miski,<\/li>\n\n\n\n<li>garnki,<\/li>\n\n\n\n<li>patelnie,<\/li>\n\n\n\n<li>przybory&nbsp; kuchenne (tarki, \u0142opatki, chochelki itp.)<\/li>\n\n\n\n<li>\u015bciereczki do naczy\u0144,<\/li>\n\n\n\n<li>g\u0105bki do zmywania naczy\u0144,<\/li>\n\n\n\n<li>p\u0142yn do naczy\u0144,<\/li>\n\n\n\n<li>miot\u0142a,<\/li>\n\n\n\n<li>zmiotka z szufelk\u0105,<\/li>\n\n\n\n<li>kosze do segregacji \u015bmieci,<\/li>\n\n\n\n<li>worki na \u015bmieci,<\/li>\n\n\n\n<li>czujnik dymu,<\/li>\n<\/ul>\n\n\n\n<p class=\"has-black-color has-text-color has-link-color wp-elements-6a4b64f7624a0c0c0b255f3034846947\"><strong>Sypialnia&nbsp; 1:<\/strong><\/p>\n\n\n\n<ul class=\"wp-block-list\">\n<li>\u0142\u00f3\u017cko ma\u0142\u017ce\u0144skie,<\/li>\n\n\n\n<li>po\u015bciel,<\/li>\n\n\n\n<li>koce,<\/li>\n\n\n\n<li>szafa na ubrania z wieszakami,<\/li>\n\n\n\n<li>stolik,<\/li>\n\n\n\n<li>lampka,<\/li>\n\n\n\n<li>zas\u0142ony zaciemniaj\u0105ce,<\/li>\n\n\n\n<li>panele grzewcze na podczerwie\u0144,<\/li>\n<\/ul>\n\n\n\n<p class=\"has-black-color has-text-color has-link-color wp-elements-46a88c8acfd847294dc39967b608cc5b\"><strong>Sypialnia 2:<\/strong><\/p>\n\n\n\n<ul class=\"wp-block-list\">\n<li>2 pojedyncze \u0142\u00f3\u017cka z mo\u017cliwo\u015bci\u0105 po\u0142\u0105czenia,<\/li>\n\n\n\n<li>po\u015bciel,<\/li>\n\n\n\n<li>koce,<\/li>\n\n\n\n<li>szafa na ubrania z p\u00f3\u0142kami,<\/li>\n\n\n\n<li>stolik,<\/li>\n\n\n\n<li>lampka,<\/li>\n\n\n\n<li>zas\u0142ony zaciemniaj\u0105ce,<\/li>\n\n\n\n<li>panele grzewcze na podczerwie\u0144,<\/li>\n<\/ul>\n\n\n\n<p class=\"has-black-color has-text-color has-link-color wp-elements-1521986a7ec8d154716201430e076ba4\"><strong>Jeden z apartament\u00f3w z udogodnieniami dla os\u00f3b z niepe\u0142nosprawno\u015bciami:<\/strong><\/p>\n\n\n\n<ul class=\"wp-block-list\">\n<li>podjazd dla w\u00f3zka z miejsca parkingowego do apartamentu,<\/li>\n\n\n\n<li>mo\u017cliwo\u015b\u0107 wjazdu pod prysznic w\u00f3zkiem prysznicowym,<\/li>\n\n\n\n<li>uchwyty przy toalecie,<\/li>\n\n\n\n<li>szerokie drzwi umo\u017cliwiaj\u0105ce wjazd w\u00f3zkiem inwalidzkim,<\/li>\n<\/ul>\n\n\n\n<p class=\"has-black-color has-text-color has-link-color wp-elements-de2e3ec2b2b0d3e8ddb2db4d5063a1f1\"><strong>Przed wej\u015bciem:<\/strong><\/p>\n\n\n\n<ul class=\"wp-block-list\">\n<li>stolik,<\/li>\n\n\n\n<li>krzes\u0142a,<\/li>\n<\/ul>\n\n\n\n<h4 class=\"wp-block-heading has-vivid-green-cyan-background-color has-background\">Wyposa\u017cenie dost\u0119pne dla wszystkich wynajmuj\u0105cych:<\/h4>\n\n\n\n<ul class=\"wp-block-list\">\n<li>grille,<\/li>\n\n\n\n<li>le\u017caki,<\/li>\n\n\n\n<li>miejsce na ognisko,<\/li>\n\n\n\n<li>siatka do siatk\u00f3wki,<\/li>\n\n\n\n<li>bramki do pi\u0142ki no\u017cnej,<\/li>\n\n\n\n<li>paletki do badmintona,<\/li>\n\n\n\n<li>plac zabaw,<\/li>\n\n\n\n<li>trampolina,<\/li>\n\n\n\n<li>rozk\u0142adana suszarka na ubrania,<\/li>\n\n\n\n<li>bania z hydromasa\u017cem jedno rozpalenie na pobyt, na grup\u0119 w cenie,<\/li>\n\n\n\n<li>wymiana r\u0119cznik\u00f3w przy wynajmie d\u0142u\u017cszym ni\u017c 3 doby,<\/li>\n\n\n\n<li>do dyspozycji 4 rowery,<\/li>\n\n\n\n<li>bezp\u0142atny parking,<\/li>\n\n\n\n<li>miejsce parkingowe dla os\u00f3b niepe\u0142nosprawnych,<\/li>\n\n\n\n<li>teren ogrodzony,<\/li>\n\n\n\n<li>\u0142awki nad rzek\u0105,<\/li>\n\n\n\n<li>zielony trawnik ok. 2000 m<sup>2<\/sup><\/li>\n\n\n\n<li>teren otoczony z jednej strony rzeczk\u0105,<\/li>\n<\/ul>\n\n\n<div class=\"wp-block-image\">\n<figure class=\"aligncenter size-full\"><img loading=\"lazy\" decoding=\"async\" width=\"102\" height=\"102\" src=\"http:\/\/wzaciszu.com\/wp-content\/uploads\/2023\/06\/cropped-w-zaciszu-\u2022-gwarancja-dobrego-wypoczynku-\u2022-1_preview_rev_1.png\" alt=\"\" class=\"wp-image-153\" srcset=\"http:\/\/wzaciszu.com\/wp-content\/uploads\/2023\/06\/cropped-w-zaciszu-\u2022-gwarancja-dobrego-wypoczynku-\u2022-1_preview_rev_1.png 102w, http:\/\/wzaciszu.com\/wp-content\/uploads\/2023\/06\/cropped-w-zaciszu-\u2022-gwarancja-dobrego-wypoczynku-\u2022-1_preview_rev_1-100x100.png 100w\" sizes=\"auto, (max-width: 102px) 100vw, 102px\" \/><\/figure>\n<\/div>","protected":false},"excerpt":{"rendered":"<p>Zapraszam do Nas, do dyspozycji 4 nowe apartamenty, ka\u017cdy dla max 6 os\u00f3b (ok.45m2), ka\u017cdy z nich ma dwie sypialnie. Jedna z \u0142\u00f3\u017ckiem ma\u0142\u017ce\u0144skim, druga z dwoma pojedynczymi \u0142\u00f3\u017ckami z mo\u017cliwo\u015bci\u0105 po\u0142\u0105czenia. W obu sypialniach znajduj\u0105 si\u0119 szafy na ubrania.Dodatkowe spanie dla 2 os\u00f3b jest w salonie na du\u017cej wygodnej rog\u00f3wce.Salon po\u0142\u0105czony z w pe\u0142ni [&hellip;]<\/p>\n","protected":false},"author":1,"featured_media":0,"parent":0,"menu_order":0,"comment_status":"closed","ping_status":"closed","template":"","meta":{"footnotes":""},"class_list":["post-391","page","type-page","status-publish","hentry"],"_links":{"self":[{"href":"http:\/\/wzaciszu.com\/index.php\/wp-json\/wp\/v2\/pages\/391","targetHints":{"allow":["GET"]}}],"collection":[{"href":"http:\/\/wzaciszu.com\/index.php\/wp-json\/wp\/v2\/pages"}],"about":[{"href":"http:\/\/wzaciszu.com\/index.php\/wp-json\/wp\/v2\/types\/page"}],"author":[{"embeddable":true,"href":"http:\/\/wzaciszu.com\/index.php\/wp-json\/wp\/v2\/users\/1"}],"replies":[{"embeddable":true,"href":"http:\/\/wzaciszu.com\/index.php\/wp-json\/wp\/v2\/comments?post=391"}],"version-history":[{"count":15,"href":"http:\/\/wzaciszu.com\/index.php\/wp-json\/wp\/v2\/pages\/391\/revisions"}],"predecessor-version":[{"id":596,"href":"http:\/\/wzaciszu.com\/index.php\/wp-json\/wp\/v2\/pages\/391\/revisions\/596"}],"wp:attachment":[{"href":"http:\/\/wzaciszu.com\/index.php\/wp-json\/wp\/v2\/media?parent=391"}],"curies":[{"name":"wp","href":"https:\/\/api.w.org\/{rel}","templated":true}]}}